{"id":34,"date":"2021-06-14T09:53:06","date_gmt":"2021-06-14T07:53:06","guid":{"rendered":"https:\/\/vinsdedagne.local\/?page_id=34"},"modified":"2021-06-24T10:44:19","modified_gmt":"2021-06-24T08:44:19","slug":"mentions-legales","status":"publish","type":"page","link":"https:\/\/vinsdedagne.fr\/en\/mentions-legales\/","title":{"rendered":"Legal notice"},"content":{"rendered":"\t\t<div data-elementor-type=\"wp-page\" data-elementor-id=\"34\" class=\"elementor elementor-34\">\n\t\t\t\t\t\t<section class=\"elementor-section elementor-top-section elementor-element elementor-element-daa2688 elementor-section-boxed elementor-section-height-default elementor-section-height-default\" data-id=\"daa2688\" data-element_type=\"section\" data-e-type=\"section\">\n\t\t\t\t\t\t<div class=\"elementor-container elementor-column-gap-default\">\n\t\t\t\t\t<div class=\"elementor-column elementor-col-100 elementor-top-column elementor-element elementor-element-c49cc88\" data-id=\"c49cc88\" data-element_type=\"column\" data-e-type=\"column\">\n\t\t\t<div class=\"elementor-widget-wrap elementor-element-populated\">\n\t\t\t\t\t\t<div class=\"elementor-element elementor-element-9131588 elementor-widget elementor-widget-spacer\" data-id=\"9131588\" data-element_type=\"widget\" data-e-type=\"widget\" data-widget_type=\"spacer.default\">\n\t\t\t\t<div class=\"elementor-widget-container\">\n\t\t\t\t\t\t\t<div class=\"elementor-spacer\">\n\t\t\t<div class=\"elementor-spacer-inner\"><\/div>\n\t\t<\/div>\n\t\t\t\t\t\t<\/div>\n\t\t\t\t<\/div>\n\t\t\t\t<div class=\"elementor-element elementor-element-13f7721 elementor-widget elementor-widget-heading\" data-id=\"13f7721\" data-element_type=\"widget\" data-e-type=\"widget\" data-widget_type=\"heading.default\">\n\t\t\t\t<div class=\"elementor-widget-container\">\n\t\t\t\t\t<h2 class=\"elementor-heading-title elementor-size-default\">MENTIONS L\u00c9GALES<\/h2>\t\t\t\t<\/div>\n\t\t\t\t<\/div>\n\t\t\t\t<div class=\"elementor-element elementor-element-54392cc elementor-widget elementor-widget-spacer\" data-id=\"54392cc\" data-element_type=\"widget\" data-e-type=\"widget\" data-widget_type=\"spacer.default\">\n\t\t\t\t<div class=\"elementor-widget-container\">\n\t\t\t\t\t\t\t<div class=\"elementor-spacer\">\n\t\t\t<div class=\"elementor-spacer-inner\"><\/div>\n\t\t<\/div>\n\t\t\t\t\t\t<\/div>\n\t\t\t\t<\/div>\n\t\t\t\t\t<\/div>\n\t\t<\/div>\n\t\t\t\t\t<\/div>\n\t\t<\/section>\n\t\t\t\t<section class=\"elementor-section elementor-top-section elementor-element elementor-element-8056413 elementor-section-boxed elementor-section-height-default elementor-section-height-default\" data-id=\"8056413\" data-element_type=\"section\" data-e-type=\"section\">\n\t\t\t\t\t\t<div class=\"elementor-container elementor-column-gap-default\">\n\t\t\t\t\t<div class=\"elementor-column elementor-col-100 elementor-top-column elementor-element elementor-element-d4ca303\" data-id=\"d4ca303\" data-element_type=\"column\" data-e-type=\"column\">\n\t\t\t<div class=\"elementor-widget-wrap elementor-element-populated\">\n\t\t\t\t\t\t<div class=\"elementor-element elementor-element-cd6fb53 elementor-widget elementor-widget-text-editor\" data-id=\"cd6fb53\" data-element_type=\"widget\" data-e-type=\"widget\" data-widget_type=\"text-editor.default\">\n\t\t\t\t<div class=\"elementor-widget-container\">\n\t\t\t\t\t\t\t\t\t<h3 class=\"p1\">\u00c9dition du site Internet<span class=\"Apple-converted-space\">\u00a0<\/span><\/h3><p class=\"p2\">Le site Vins de Dagne (ci-apr\u00e8s \u00ab le Site \u00bb), accessible \u00e0 l\u2019adresse https:\/\/vinsdedagne.fr est \u00e9dit\u00e9 par la soci\u00e9t\u00e9 Vins de Dagne (ci-apr\u00e8s \u00ab l&rsquo;Editeur \u00bb), Soci\u00e9t\u00e9 \u00e0 responsabilit\u00e9 limit\u00e9e (Soci\u00e9t\u00e9 \u00e0 associ\u00e9 unique) au capital de 1000 euros, dont le si\u00e8ge social est situ\u00e9 6BIS Promenade de Rigal 11220 Val-de-Dagne. (<span id=\"eeb-45936-700671\"><\/span><script type=\"text\/javascript\">(function() {var ml=\"0785694\",mi=\"0430665152\",o=\"\";for(var j=0,l=mi.length;j<l;j++) {o+=ml.charAt(mi.charCodeAt(j)-48);}document.getElementById(\"eeb-45936-700671\").innerHTML = decodeURIComponent(o);}());<\/script><noscript>*protected email*<\/noscript>, vinsdedagne@gmail.com)<span class=\"Apple-converted-space\">\u00a0<\/span><\/p><p class=\"p2\">RCS [899 535 264 ] [Carcassonne]<\/p><h3 class=\"p1\">R\u00e9daction du site Internet<span class=\"s1\"><span class=\"Apple-converted-space\">\u00a0<\/span><\/span><\/h3><p class=\"p2\">Directeur de la publication : L\u00e9a RIBES Contact : <span id=\"eeb-158508-511753\"><\/span><script type=\"text\/javascript\">(function() {var ml=\"5740326\",mi=\"3644501245\",o=\"\";for(var j=0,l=mi.length;j<l;j++) {o+=ml.charAt(mi.charCodeAt(j)-48);}document.getElementById(\"eeb-158508-511753\").innerHTML = decodeURIComponent(o);}());<\/script><noscript>*protected email*<\/noscript> ; contact@learibes.fr<\/p><h3 class=\"p1\">H\u00e9bergeur du site Internet<span class=\"s1\"><span class=\"Apple-converted-space\">\u00a0<\/span><\/span><\/h3><p class=\"p2\">Le Site est h\u00e9berg\u00e9 par o2switch, EURL au capital de 100 000 euros, dont le si\u00e8ge social est situ\u00e9 224 Boulevard Gustave Flaubert, 63000 Clermont-Ferrand, France, joignable par le moyen suivant : 0444446040.<\/p><h3 class=\"p1\">Respect de la propri\u00e9t\u00e9 intellectuelle<span class=\"s1\"><span class=\"Apple-converted-space\">\u00a0<\/span><\/span><\/h3><p class=\"p2\">Toutes les marques, photographies, textes, commentaires, illustrations, images anim\u00e9es ou non, s\u00e9quences vid\u00e9o, sons, ainsi que toutes les applications informatiques qui pourraient \u00eatre utilis\u00e9es pour faire fonctionner le Site et plus g\u00e9n\u00e9ralement tous les \u00e9l\u00e9ments reproduits ou utilis\u00e9s sur le Site sont prot\u00e9g\u00e9s par les lois en vigueur au titre de la propri\u00e9t\u00e9 intellectuelle.<span class=\"Apple-converted-space\">\u00a0<\/span><\/p><p class=\"p2\">Ils sont la propri\u00e9t\u00e9 pleine et enti\u00e8re de l'Editeur ou de ses partenaires, sauf mentions particuli\u00e8res. Toute reproduction, repr\u00e9sentation, utilisation ou adaptation, sous quelque forme que ce soit, de tout ou partie de ces \u00e9l\u00e9ments, y compris les applications informatiques, sans l'accord pr\u00e9alable et \u00e9crit de l'Editeur, sont strictement interdites. Le fait pour l'Editeur de ne pas engager de proc\u00e9dure d\u00e8s la prise de connaissance de ces<span class=\"Apple-converted-space\"> \u00a0<\/span>utilisations non autoris\u00e9es ne vaut pas acceptation desdites utilisations et renonciation aux poursuites.<span class=\"Apple-converted-space\">\u00a0<\/span><\/p><p class=\"p2\">Seule l'utilisation pour un usage priv\u00e9 dans un cercle de famille est autoris\u00e9e et toute autre utilisation est constitutive de contrefa\u00e7on et\/ou d'atteinte aux droits voisins, sanctionn\u00e9es par Code de la propri\u00e9t\u00e9 intellectuelle.<span class=\"Apple-converted-space\">\u00a0<\/span><\/p><p class=\"p2\">La reprise de tout ou partie de ce contenu n\u00e9cessite l'autorisation pr\u00e9alable de l'Editeur ou du titulaire des droits sur ce contenu.<\/p><h3 class=\"p1\">Liens hypertextes<span class=\"Apple-converted-space\">\u00a0<\/span><\/h3><p class=\"p2\">Le Site peut contenir des liens hypertexte donnant acc\u00e8s \u00e0 d'autres sites web \u00e9dit\u00e9s et g\u00e9r\u00e9s par des tiers et non par l'Editeur. L'Editeur ne pourra \u00eatre tenu responsable directement ou indirectement dans le cas o\u00f9 lesdits sites tiers ne respecteraient pas les dispositions l\u00e9gales.<\/p>\t\t\t\t\t\t\t\t<\/div>\n\t\t\t\t<\/div>\n\t\t\t\t\t<\/div>\n\t\t<\/div>\n\t\t\t\t\t<\/div>\n\t\t<\/section>\n\t\t\t\t<section class=\"elementor-section elementor-top-section elementor-element elementor-element-b2fa0c6 elementor-section-boxed elementor-section-height-default elementor-section-height-default\" data-id=\"b2fa0c6\" data-element_type=\"section\" data-e-type=\"section\">\n\t\t\t\t\t\t<div class=\"elementor-container elementor-column-gap-default\">\n\t\t\t\t\t<div class=\"elementor-column elementor-col-100 elementor-top-column elementor-element elementor-element-8bc0d2e\" data-id=\"8bc0d2e\" data-element_type=\"column\" data-e-type=\"column\">\n\t\t\t<div class=\"elementor-widget-wrap elementor-element-populated\">\n\t\t\t\t\t\t<div class=\"elementor-element elementor-element-691ae6a elementor-widget elementor-widget-spacer\" data-id=\"691ae6a\" data-element_type=\"widget\" data-e-type=\"widget\" data-widget_type=\"spacer.default\">\n\t\t\t\t<div class=\"elementor-widget-container\">\n\t\t\t\t\t\t\t<div class=\"elementor-spacer\">\n\t\t\t<div class=\"elementor-spacer-inner\"><\/div>\n\t\t<\/div>\n\t\t\t\t\t\t<\/div>\n\t\t\t\t<\/div>\n\t\t\t\t\t<\/div>\n\t\t<\/div>\n\t\t\t\t\t<\/div>\n\t\t<\/section>\n\t\t\t\t<\/div>\n\t\t","protected":false},"excerpt":{"rendered":"<p>MENTIONS L\u00c9GALES \u00c9dition du site Internet\u00a0 Le site Vins de Dagne (ci-apr\u00e8s \u00ab le Site \u00bb), accessible \u00e0 l\u2019adresse https:\/\/vinsdedagne.fr est \u00e9dit\u00e9 par la soci\u00e9t\u00e9 Vins de Dagne (ci-apr\u00e8s \u00ab l&rsquo;Editeur \u00bb), Soci\u00e9t\u00e9 \u00e0 responsabilit\u00e9 limit\u00e9e (Soci\u00e9t\u00e9 \u00e0 associ\u00e9 unique) au capital de 1000 euros, dont le si\u00e8ge social est situ\u00e9 6BIS Promenade de Rigal [&hellip;]<\/p>\n","protected":false},"author":1,"featured_media":0,"parent":0,"menu_order":0,"comment_status":"closed","ping_status":"closed","template":"","meta":{"site-sidebar-layout":"no-sidebar","site-content-layout":"page-builder","ast-site-content-layout":"default","site-content-style":"default","site-sidebar-style":"default","ast-global-header-display":"","ast-banner-title-visibility":"","ast-main-header-display":"","ast-hfb-above-header-display":"","ast-hfb-below-header-display":"","ast-hfb-mobile-header-display":"","site-post-title":"disabled","ast-breadcrumbs-content":"","ast-featured-img":"disabled","footer-sml-layout":"","ast-disable-related-posts":"","theme-transparent-header-meta":"default","adv-header-id-meta":"","stick-header-meta":"","header-above-stick-meta":"","header-main-stick-meta":"","header-below-stick-meta":"","astra-migrate-meta-layouts":"default","ast-page-background-enabled":"default","ast-page-background-meta":{"desktop":{"background-color":"","background-image":"","background-repeat":"repeat","background-position":"center center","background-size":"auto","background-attachment":"scroll","background-type":"","background-media":"","overlay-type":"","overlay-color":"","overlay-opacity":"","overlay-gradient":""},"tablet":{"background-color":"","background-image":"","background-repeat":"repeat","background-position":"center center","background-size":"auto","background-attachment":"scroll","background-type":"","background-media":"","overlay-type":"","overlay-color":"","overlay-opacity":"","overlay-gradient":""},"mobile":{"background-color":"","background-image":"","background-repeat":"repeat","background-position":"center center","background-size":"auto","background-attachment":"scroll","background-type":"","background-media":"","overlay-type":"","overlay-color":"","overlay-opacity":"","overlay-gradient":""}},"ast-content-background-meta":{"desktop":{"background-color":"var(--ast-global-color-5)","background-image":"","background-repeat":"repeat","background-position":"center center","background-size":"auto","background-attachment":"scroll","background-type":"","background-media":"","overlay-type":"","overlay-color":"","overlay-opacity":"","overlay-gradient":""},"tablet":{"background-color":"var(--ast-global-color-5)","background-image":"","background-repeat":"repeat","background-position":"center center","background-size":"auto","background-attachment":"scroll","background-type":"","background-media":"","overlay-type":"","overlay-color":"","overlay-opacity":"","overlay-gradient":""},"mobile":{"background-color":"var(--ast-global-color-5)","background-image":"","background-repeat":"repeat","background-position":"center center","background-size":"auto","background-attachment":"scroll","background-type":"","background-media":"","overlay-type":"","overlay-color":"","overlay-opacity":"","overlay-gradient":""}},"footnotes":""},"class_list":["post-34","page","type-page","status-publish","hentry"],"yoast_head":"<!-- This site is optimized with the Yoast SEO plugin v27.4 - https:\/\/yoast.com\/product\/yoast-seo-wordpress\/ -->\n<title>Vins de Dagne - Mentions l\u00e9gales<\/title>\n<meta name=\"description\" content=\"La carte des vins est pr\u00eate, la cuisini\u00e8re est en place, le g\u00e9rant est sur le palier, venez d\u00e9couvrir ce lieu rempli d\u2019histoire et de convivialit\u00e9 pour un moment de plaisir et de partage.\" \/>\n<meta name=\"robots\" content=\"index, follow, max-snippet:-1, max-image-preview:large, max-video-preview:-1\" \/>\n<link rel=\"canonical\" href=\"https:\/\/vinsdedagne.fr\/en\/mentions-legales\/\" \/>\n<meta property=\"og:locale\" content=\"en_US\" \/>\n<meta property=\"og:type\" content=\"article\" \/>\n<meta property=\"og:title\" content=\"Vins de Dagne - Mentions l\u00e9gales\" \/>\n<meta property=\"og:description\" content=\"La carte des vins est pr\u00eate, la cuisini\u00e8re est en place, le g\u00e9rant est sur le palier, venez d\u00e9couvrir ce lieu rempli d\u2019histoire et de convivialit\u00e9 pour un moment de plaisir et de partage.\" \/>\n<meta property=\"og:url\" content=\"https:\/\/vinsdedagne.fr\/en\/mentions-legales\/\" \/>\n<meta property=\"og:site_name\" content=\"Vins de Dagne\" \/>\n<meta property=\"article:publisher\" content=\"https:\/\/www.facebook.com\/vinsdedagne\" \/>\n<meta property=\"article:modified_time\" content=\"2021-06-24T08:44:19+00:00\" \/>\n<meta property=\"og:image\" content=\"https:\/\/vinsdedagne.fr\/wp-content\/uploads\/2021\/06\/photo-restaurant.jpeg\" \/>\n\t<meta property=\"og:image:width\" content=\"2048\" \/>\n\t<meta property=\"og:image:height\" content=\"1365\" \/>\n\t<meta property=\"og:image:type\" content=\"image\/jpeg\" \/>\n<meta name=\"twitter:card\" content=\"summary_large_image\" \/>\n<meta name=\"twitter:label1\" content=\"Est. reading time\" \/>\n\t<meta name=\"twitter:data1\" content=\"2 minutes\" \/>\n<script type=\"application\/ld+json\" class=\"yoast-schema-graph\">{\"@context\":\"https:\\\/\\\/schema.org\",\"@graph\":[{\"@type\":\"WebPage\",\"@id\":\"https:\\\/\\\/vinsdedagne.fr\\\/mentions-legales\\\/\",\"url\":\"https:\\\/\\\/vinsdedagne.fr\\\/mentions-legales\\\/\",\"name\":\"Vins de Dagne - Mentions l\u00e9gales\",\"isPartOf\":{\"@id\":\"https:\\\/\\\/vinsdedagne.fr\\\/#website\"},\"datePublished\":\"2021-06-14T07:53:06+00:00\",\"dateModified\":\"2021-06-24T08:44:19+00:00\",\"description\":\"La carte des vins est pr\u00eate, la cuisini\u00e8re est en place, le g\u00e9rant est sur le palier, venez d\u00e9couvrir ce lieu rempli d\u2019histoire et de convivialit\u00e9 pour un moment de plaisir et de partage.\",\"breadcrumb\":{\"@id\":\"https:\\\/\\\/vinsdedagne.fr\\\/mentions-legales\\\/#breadcrumb\"},\"inLanguage\":\"en-US\",\"potentialAction\":[{\"@type\":\"ReadAction\",\"target\":[\"https:\\\/\\\/vinsdedagne.fr\\\/mentions-legales\\\/\"]}]},{\"@type\":\"BreadcrumbList\",\"@id\":\"https:\\\/\\\/vinsdedagne.fr\\\/mentions-legales\\\/#breadcrumb\",\"itemListElement\":[{\"@type\":\"ListItem\",\"position\":1,\"name\":\"Accueil\",\"item\":\"https:\\\/\\\/vinsdedagne.fr\\\/\"},{\"@type\":\"ListItem\",\"position\":2,\"name\":\"Mentions l\u00e9gales\"}]},{\"@type\":\"WebSite\",\"@id\":\"https:\\\/\\\/vinsdedagne.fr\\\/#website\",\"url\":\"https:\\\/\\\/vinsdedagne.fr\\\/\",\"name\":\"Vins de Dagne\",\"description\":\"\",\"publisher\":{\"@id\":\"https:\\\/\\\/vinsdedagne.fr\\\/#organization\"},\"potentialAction\":[{\"@type\":\"SearchAction\",\"target\":{\"@type\":\"EntryPoint\",\"urlTemplate\":\"https:\\\/\\\/vinsdedagne.fr\\\/?s={search_term_string}\"},\"query-input\":{\"@type\":\"PropertyValueSpecification\",\"valueRequired\":true,\"valueName\":\"search_term_string\"}}],\"inLanguage\":\"en-US\"},{\"@type\":\"Organization\",\"@id\":\"https:\\\/\\\/vinsdedagne.fr\\\/#organization\",\"name\":\"Vins de Dagne\",\"url\":\"https:\\\/\\\/vinsdedagne.fr\\\/\",\"logo\":{\"@type\":\"ImageObject\",\"inLanguage\":\"en-US\",\"@id\":\"https:\\\/\\\/vinsdedagne.fr\\\/#\\\/schema\\\/logo\\\/image\\\/\",\"url\":\"https:\\\/\\\/vinsdedagne.fr\\\/wp-content\\\/uploads\\\/2021\\\/06\\\/logo-vinsdedagne.png\",\"contentUrl\":\"https:\\\/\\\/vinsdedagne.fr\\\/wp-content\\\/uploads\\\/2021\\\/06\\\/logo-vinsdedagne.png\",\"width\":834,\"height\":834,\"caption\":\"Vins de Dagne\"},\"image\":{\"@id\":\"https:\\\/\\\/vinsdedagne.fr\\\/#\\\/schema\\\/logo\\\/image\\\/\"},\"sameAs\":[\"https:\\\/\\\/www.facebook.com\\\/vinsdedagne\",\"https:\\\/\\\/www.instagram.com\\\/vins_de_dagne\\\/?hl=fr\"]}]}<\/script>\n<!-- \/ Yoast SEO plugin. -->","yoast_head_json":{"title":"Vins de Dagne - Mentions l\u00e9gales","description":"La carte des vins est pr\u00eate, la cuisini\u00e8re est en place, le g\u00e9rant est sur le palier, venez d\u00e9couvrir ce lieu rempli d\u2019histoire et de convivialit\u00e9 pour un moment de plaisir et de partage.","robots":{"index":"index","follow":"follow","max-snippet":"max-snippet:-1","max-image-preview":"max-image-preview:large","max-video-preview":"max-video-preview:-1"},"canonical":"https:\/\/vinsdedagne.fr\/en\/mentions-legales\/","og_locale":"en_US","og_type":"article","og_title":"Vins de Dagne - Mentions l\u00e9gales","og_description":"La carte des vins est pr\u00eate, la cuisini\u00e8re est en place, le g\u00e9rant est sur le palier, venez d\u00e9couvrir ce lieu rempli d\u2019histoire et de convivialit\u00e9 pour un moment de plaisir et de partage.","og_url":"https:\/\/vinsdedagne.fr\/en\/mentions-legales\/","og_site_name":"Vins de Dagne","article_publisher":"https:\/\/www.facebook.com\/vinsdedagne","article_modified_time":"2021-06-24T08:44:19+00:00","og_image":[{"width":2048,"height":1365,"url":"https:\/\/vinsdedagne.fr\/wp-content\/uploads\/2021\/06\/photo-restaurant.jpeg","type":"image\/jpeg"}],"twitter_card":"summary_large_image","twitter_misc":{"Est. reading time":"2 minutes"},"schema":{"@context":"https:\/\/schema.org","@graph":[{"@type":"WebPage","@id":"https:\/\/vinsdedagne.fr\/mentions-legales\/","url":"https:\/\/vinsdedagne.fr\/mentions-legales\/","name":"Vins de Dagne - Mentions l\u00e9gales","isPartOf":{"@id":"https:\/\/vinsdedagne.fr\/#website"},"datePublished":"2021-06-14T07:53:06+00:00","dateModified":"2021-06-24T08:44:19+00:00","description":"La carte des vins est pr\u00eate, la cuisini\u00e8re est en place, le g\u00e9rant est sur le palier, venez d\u00e9couvrir ce lieu rempli d\u2019histoire et de convivialit\u00e9 pour un moment de plaisir et de partage.","breadcrumb":{"@id":"https:\/\/vinsdedagne.fr\/mentions-legales\/#breadcrumb"},"inLanguage":"en-US","potentialAction":[{"@type":"ReadAction","target":["https:\/\/vinsdedagne.fr\/mentions-legales\/"]}]},{"@type":"BreadcrumbList","@id":"https:\/\/vinsdedagne.fr\/mentions-legales\/#breadcrumb","itemListElement":[{"@type":"ListItem","position":1,"name":"Accueil","item":"https:\/\/vinsdedagne.fr\/"},{"@type":"ListItem","position":2,"name":"Mentions l\u00e9gales"}]},{"@type":"WebSite","@id":"https:\/\/vinsdedagne.fr\/#website","url":"https:\/\/vinsdedagne.fr\/","name":"Vins de Dagne","description":"","publisher":{"@id":"https:\/\/vinsdedagne.fr\/#organization"},"potentialAction":[{"@type":"SearchAction","target":{"@type":"EntryPoint","urlTemplate":"https:\/\/vinsdedagne.fr\/?s={search_term_string}"},"query-input":{"@type":"PropertyValueSpecification","valueRequired":true,"valueName":"search_term_string"}}],"inLanguage":"en-US"},{"@type":"Organization","@id":"https:\/\/vinsdedagne.fr\/#organization","name":"Vins de Dagne","url":"https:\/\/vinsdedagne.fr\/","logo":{"@type":"ImageObject","inLanguage":"en-US","@id":"https:\/\/vinsdedagne.fr\/#\/schema\/logo\/image\/","url":"https:\/\/vinsdedagne.fr\/wp-content\/uploads\/2021\/06\/logo-vinsdedagne.png","contentUrl":"https:\/\/vinsdedagne.fr\/wp-content\/uploads\/2021\/06\/logo-vinsdedagne.png","width":834,"height":834,"caption":"Vins de Dagne"},"image":{"@id":"https:\/\/vinsdedagne.fr\/#\/schema\/logo\/image\/"},"sameAs":["https:\/\/www.facebook.com\/vinsdedagne","https:\/\/www.instagram.com\/vins_de_dagne\/?hl=fr"]}]}},"_links":{"self":[{"href":"https:\/\/vinsdedagne.fr\/en\/wp-json\/wp\/v2\/pages\/34","targetHints":{"allow":["GET"]}}],"collection":[{"href":"https:\/\/vinsdedagne.fr\/en\/wp-json\/wp\/v2\/pages"}],"about":[{"href":"https:\/\/vinsdedagne.fr\/en\/wp-json\/wp\/v2\/types\/page"}],"author":[{"embeddable":true,"href":"https:\/\/vinsdedagne.fr\/en\/wp-json\/wp\/v2\/users\/1"}],"replies":[{"embeddable":true,"href":"https:\/\/vinsdedagne.fr\/en\/wp-json\/wp\/v2\/comments?post=34"}],"version-history":[{"count":0,"href":"https:\/\/vinsdedagne.fr\/en\/wp-json\/wp\/v2\/pages\/34\/revisions"}],"wp:attachment":[{"href":"https:\/\/vinsdedagne.fr\/en\/wp-json\/wp\/v2\/media?parent=34"}],"curies":[{"name":"wp","href":"https:\/\/api.w.org\/{rel}","templated":true}]}}